{"id":14434,"date":"2025-05-01T12:16:28","date_gmt":"2025-05-01T12:16:28","guid":{"rendered":"https:\/\/m-a-i.cloudserver.ccsolutions.one\/proteccion-de-datos\/"},"modified":"2025-06-15T05:39:15","modified_gmt":"2025-06-15T05:39:15","slug":"proteccion-de-datos","status":"publish","type":"page","link":"https:\/\/www.m-a-i.de\/es\/proteccion-de-datos\/","title":{"rendered":"Protecci\u00f3n de datos"},"content":{"rendered":"<p><div class=\"fusion-fullwidth fullwidth-box fusion-builder-row-1 fusion-flex-container has-pattern-background has-mask-background nonhundred-percent-fullwidth non-hundred-percent-height-scrolling\" style=\"--awb-border-radius-top-left:0px;--awb-border-radius-top-right:0px;--awb-border-radius-bottom-right:0px;--awb-border-radius-bottom-left:0px;--awb-background-color:var(--awb-color8);--awb-flex-wrap:wrap;\" ><div class=\"awb-background-mask\" style=\"background-image:  url(data:image\/svg+xml;utf8,%3Csvg%20width%3D%221920%22%20height%3D%22954%22%20fill%3D%22none%22%20xmlns%3D%22http%3A%2F%2Fwww.w3.org%2F2000%2Fsvg%22%3E%3Cg%20clip-path%3D%22url%28%23prefix__clip0_58_745%29%22%20fill%3D%22rgba%280%2C134%2C169%2C1%29%22%3E%3Cpath%20d%3D%22M250.018-408.977c69.019-18.494%20142.66%201.238%20193.185%2051.763L718.31-82.107c50.525%2050.525%2070.258%20124.167%2051.764%20193.185L669.378%20486.881c-18.493%2069.019-72.403%20122.928-141.421%20141.422L152.154%20728.999c-69.019%2018.493-142.66-1.239-193.186-51.764l-275.106-275.107c-50.525-50.525-70.258-124.167-51.764-193.185l100.696-375.803c18.493-69.018%2072.403-122.928%20141.421-141.421l375.803-100.696zM1646.73%201264.15c33.13%208.88%2068.48-.59%2092.73-24.84l147.89-147.89a96.031%2096.031%200%200024.85-92.732l-54.13-202.022a96.012%2096.012%200%2000-67.89-67.882l-202.02-54.132c-33.13-8.877-68.47.595-92.73%2024.847l-147.89%20147.89a95.994%2095.994%200%2000-24.84%2092.729l54.13%20202.022a95.967%2095.967%200%200067.88%2067.88l202.02%2054.13zM1572.48%20252.659a23.996%2023.996%200%200023.18%206.211l50.5-13.533a23.97%2023.97%200%200016.97-16.97l13.54-50.506a24.004%2024.004%200%2000-6.21-23.182l-36.98-36.973a23.993%2023.993%200%2000-23.18-6.211l-50.5%2013.533a24%2024%200%2000-16.98%2016.97l-13.53%2050.506a24.004%2024.004%200%20006.21%2023.182l36.98%2036.973z%22%2F%3E%3C%2Fg%3E%3Cdefs%3E%3CclipPath%20id%3D%22prefix__clip0_58_745%22%3E%3Cpath%20fill%3D%22%23fff%22%20d%3D%22M0%200h1920v954H0z%22%2F%3E%3C%2FclipPath%3E%3C%2Fdefs%3E%3C%2Fsvg%3E);opacity: 0.25 ;mix-blend-mode:normal;\"><\/div><div class=\"fusion-builder-row fusion-row fusion-flex-align-items-flex-start fusion-flex-justify-content-center fusion-flex-content-wrap\" style=\"max-width:1664px;margin-left: calc(-4% \/ 2 );margin-right: calc(-4% \/ 2 );\"><div class=\"fusion-layout-column fusion_builder_column fusion-builder-column-0 fusion_builder_column_1_1 1_1 fusion-flex-column\" style=\"--awb-padding-top:100px;--awb-padding-bottom:120px;--awb-bg-size:cover;--awb-width-large:100%;--awb-margin-top-large:16px;--awb-spacing-right-large:1.92%;--awb-margin-bottom-large:0px;--awb-spacing-left-large:1.92%;--awb-width-medium:100%;--awb-order-medium:0;--awb-spacing-right-medium:1.92%;--awb-spacing-left-medium:1.92%;--awb-width-small:100%;--awb-order-small:0;--awb-spacing-right-small:1.92%;--awb-spacing-left-small:1.92%;\"><div class=\"fusion-column-wrapper fusion-column-has-shadow fusion-flex-justify-content-flex-start fusion-content-layout-column\"><div class=\"fusion-title title fusion-title-1 fusion-sep-none fusion-title-center fusion-title-text fusion-title-size-one\" style=\"--awb-text-color:var(--awb-color1);--awb-margin-top:0px;--awb-margin-top-small:10px;--awb-margin-right-small:0px;--awb-margin-bottom-small:10px;--awb-margin-left-small:0px;\"><h1 class=\"fusion-title-heading title-heading-center fusion-responsive-typography-calculated\" style=\"margin:0;--fontSize:72;line-height:var(--awb-typography1-line-height);\">Pol\u00edtica de privacidad<\/h1><\/div><\/div><\/div><\/div><\/div><div class=\"fusion-fullwidth fullwidth-box fusion-builder-row-2 fusion-flex-container has-pattern-background has-mask-background nonhundred-percent-fullwidth non-hundred-percent-height-scrolling\" style=\"--awb-border-radius-top-left:0px;--awb-border-radius-top-right:0px;--awb-border-radius-bottom-right:0px;--awb-border-radius-bottom-left:0px;--awb-flex-wrap:wrap;\" ><div class=\"fusion-builder-row fusion-row fusion-flex-align-items-flex-start fusion-flex-content-wrap\" style=\"max-width:1664px;margin-left: calc(-4% \/ 2 );margin-right: calc(-4% \/ 2 );\"><div class=\"fusion-layout-column fusion_builder_column fusion-builder-column-1 fusion_builder_column_1_1 1_1 fusion-flex-column\" style=\"--awb-bg-size:cover;--awb-width-large:100%;--awb-margin-top-large:16px;--awb-spacing-right-large:1.92%;--awb-margin-bottom-large:16px;--awb-spacing-left-large:1.92%;--awb-width-medium:100%;--awb-order-medium:0;--awb-spacing-right-medium:1.92%;--awb-spacing-left-medium:1.92%;--awb-width-small:100%;--awb-order-small:0;--awb-spacing-right-small:1.92%;--awb-spacing-left-small:1.92%;\"><div class=\"fusion-column-wrapper fusion-column-has-shadow fusion-flex-justify-content-flex-start fusion-content-layout-column\"><div class=\"fusion-text fusion-text-1\"><h4 style=\"--fontsize: 48; line-height: 1.24;\"><span class=\"s1\"><b>\u00a7 <\/b><\/span><b>1 Informaci\u00f3n general<\/b><\/h4>\n<p class=\"p2\">Tus datos personales (por ejemplo, t\u00edtulo, nombre, direcci\u00f3n, direcci\u00f3n de correo electr\u00f3nico, n\u00famero de tel\u00e9fono) s\u00f3lo ser\u00e1n procesados por nosotros de acuerdo con las disposiciones de la ley alemana de protecci\u00f3n de datos y la ley de protecci\u00f3n de datos de la Uni\u00f3n Europea (UE). Adem\u00e1s de las finalidades del tratamiento, los destinatarios, las bases jur\u00eddicas y los periodos de almacenamiento, las siguientes disposiciones tambi\u00e9n te informan sobre tus derechos y el responsable del tratamiento de tus datos. Esta pol\u00edtica de privacidad s\u00f3lo se aplica a nuestros sitios web. Si eres redirigido a otros sitios a trav\u00e9s de enlaces en nuestras p\u00e1ginas, inf\u00f3rmate all\u00ed sobre el tratamiento respectivo de tus datos.   <\/p>\n<h4 class=\"p1\"><span class=\"s1\"><b>\u00a7 <\/b><\/span><b>2 An\u00e1lisis web con Matomo<\/b><b><\/b><\/h4>\n<p class=\"p2\"><b>(1) Finalidad del tratamiento<\/b><b><\/b><\/p>\n<p class=\"p2\">Nuestro sitio web utiliza el software de an\u00e1lisis Matomo (www.matomo.org). Matomo utiliza cookies. La informaci\u00f3n generada por una cookie sobre tu comportamiento de usuario en nuestro sitio web nos permite analizar el uso del sitio web. Para ello, la informaci\u00f3n de uso generada por la cookie (incluida tu direcci\u00f3n IP acortada) se procesa exclusivamente en nuestro servidor y se almacena con fines de an\u00e1lisis de uso. La informaci\u00f3n generada por la cookie sobre tu uso de este sitio web no se transmite a terceros.    <\/p>\n<p class=\"p2\"><b>(2) Base jur\u00eddica<\/b><b><\/b><\/p>\n<p class=\"p2\">La base jur\u00eddica de este tratamiento es el Art. 6 (1) f) GDPR.<\/p>\n<p class=\"p2\"><b>(3) Inter\u00e9s leg\u00edtimo<\/b><b><\/b><\/p>\n<p class=\"p2\">Nuestro inter\u00e9s leg\u00edtimo es el an\u00e1lisis estad\u00edstico del comportamiento de los usuarios con el fin de optimizar y comercializar nuestros sitios web. Tu direcci\u00f3n IP se anonimiza durante este proceso para que t\u00fa, como usuario, permanezcas an\u00f3nimo para nosotros. De este modo se cumple tu derecho a la protecci\u00f3n de datos.  <\/p>\n<p class=\"p2\"><b>(4) Derecho de oposici\u00f3n<\/b><b><\/b><\/p>\n<p class=\"p2\">Por lo general, puedes impedir el uso de cookies configurando el software de tu navegador en consecuencia, pero es posible que en este caso no puedas utilizar todas las funciones de este sitio web. Si no est\u00e1s de acuerdo con el almacenamiento y an\u00e1lisis de los datos de tu visita, puedes oponerte al almacenamiento y uso haciendo clic con el rat\u00f3n. En este caso, se almacenar\u00e1 una cookie de exclusi\u00f3n en tu navegador y Matomo no recopilar\u00e1 ning\u00fan dato de sesi\u00f3n.  <\/p>\n<p class=\"p2\"><b>Atenci\u00f3n:<\/b><b><\/b><\/p>\n<p class=\"p2\">Si eliminas las cookies, tambi\u00e9n se eliminar\u00e1 la cookie de inhabilitaci\u00f3n y tendr\u00e1s que volver a activarla la pr\u00f3xima vez que visites este sitio web.<\/p>\n<p class=\"p2\">Tienes la opci\u00f3n de impedir que las acciones que realices aqu\u00ed sean analizadas y vinculadas. Esto proteger\u00e1 tu privacidad, pero tambi\u00e9n evitar\u00e1 que el propietario aprenda de tus acciones y mejore la usabilidad para ti y para otros usuarios. <\/p>\n<p class=\"p2\">Tu visita a este sitio web es registrada actualmente por Matomo web analytics. Desmarca esta casilla para excluirte. <\/p>\n<h4 class=\"p1\"><span class=\"s1\"><b>\u00a7 <\/b><\/span><b>3 Informaci\u00f3n sobre cookies<\/b><b><\/b><\/h4>\n<p class=\"p2\"><b>(1) Finalidad del tratamiento<\/b><b><\/b><\/p>\n<p class=\"p2\">En este sitio web se utilizan cookies t\u00e9cnicamente necesarias. Se trata de peque\u00f1os archivos de texto que se almacenan en o por tu navegador de Internet en tu sistema inform\u00e1tico. <\/p>\n<p class=\"p2\"><b>(2) Base jur\u00eddica<\/b><b><\/b><\/p>\n<p class=\"p2\">La base jur\u00eddica de este tratamiento es el Art. 6 (1) f) GDPR.<\/p>\n<p class=\"p2\"><b>(3) Inter\u00e9s leg\u00edtimo<\/b><b><\/b><\/p>\n<p class=\"p2\">Nuestro inter\u00e9s leg\u00edtimo es la funcionalidad de nuestro sitio web. Los datos de usuario recogidos por las cookies t\u00e9cnicamente necesarias no se utilizan para crear perfiles de usuario. Esto salvaguarda tu inter\u00e9s en la protecci\u00f3n de datos.  <\/p>\n<p class=\"p2\"><b>(4) Periodo de almacenamiento<\/b><b><\/b><\/p>\n<p class=\"p2\">Las cookies t\u00e9cnicamente necesarias suelen eliminarse cuando se cierra el navegador. Las cookies almacenadas permanentemente tienen una vida \u00fatil que var\u00eda entre unos minutos y varios a\u00f1os. <\/p>\n<p class=\"p2\"><b>(5) Derecho de oposici\u00f3n<\/b><b><\/b><\/p>\n<p class=\"p2\">Si no deseas que se almacenen estas cookies, desactiva la aceptaci\u00f3n de las mismas en tu navegador de Internet. Sin embargo, esto puede limitar la funcionalidad de nuestro sitio web. Tambi\u00e9n puedes eliminar las cookies almacenadas permanentemente en cualquier momento a trav\u00e9s de tu navegador.  <\/p>\n<p class=\"p1\"><span class=\"s1\"><b>\u00a7 <\/b><\/span><b>4 Plataforma de candidatos<\/b><b><\/b><\/p>\n<p class=\"p2\">En nuestro sitio web, te ofrecemos la oportunidad de solicitar un puesto vacante en M.A.i GmbH &amp; Co. KG a trav\u00e9s de nuestro portal de candidatos, y la empresa es responsable del tratamiento de tus datos personales.  M.A.i GmbH &amp; Co. KG<\/p>\n<p class=\"p2\"><b>\u00bfCon qu\u00e9 fines procesamos tus datos?  <\/b><\/p>\n<p class=\"p2\">Los datos personales como nombre, direcci\u00f3n, datos de educaci\u00f3n y CV (\u201cdatos del solicitante\u201d) que nos facilites como parte de tu solicitud se tratar\u00e1n confidencialmente y se almacenar\u00e1n y utilizar\u00e1n electr\u00f3nicamente exclusivamente con el fin de procesar tu solicitud y, si procede, para la posterior relaci\u00f3n laboral. Procesamos estos datos personales con el fin de comprobar tus cualificaciones para el puesto correspondiente, a efectos de la tramitaci\u00f3n de la solicitud y para ponernos en contacto contigo, y puedes dar tu consentimiento por separado para que incluyamos una solicitud no seleccionada en nuestro grupo de solicitantes una vez finalizado el proceso de solicitud correspondiente. Existe entonces la posibilidad de que volvamos a ponernos en contacto contigo si surge una vacante.  <\/p>\n<p class=\"p2\"><b>\u00bfSobre qu\u00e9 base legal procesamos tus datos?  <\/b><b><\/b><\/p>\n<p class=\"p2\">El tratamiento de tus datos personales como parte del proceso de solicitud se basa en el art. 6, apdo. 1, letra b) del RGPD. El almacenamiento posterior de tus datos tiene lugar sobre la base de tu consentimiento de conformidad con el Art. 6 p\u00e1rr. 1 lit. a GDPR.      <\/p>\n<p class=\"p2\">\u00bfExiste la obligaci\u00f3n de que facilites tus datos o son necesarios para la celebraci\u00f3n de un contrato y qu\u00e9 ocurre si decides no hacerlo?<\/p>\n<p class=\"p2\">No est\u00e1s obligado a facilitar tus datos como parte del proceso de solicitud. Sin embargo, no es posible llevar a cabo el proceso de solicitud y establecer una relaci\u00f3n laboral sin procesar tus datos, por lo que lamentablemente tu solicitud no puede ser considerada sin proporcionar los datos. Si no das tu consentimiento para que tu solicitud se incluya en nuestro grupo de solicitantes, esto no supondr\u00e1 ninguna desventaja para el proceso espec\u00edfico de solicitud. Sin embargo, en ese caso no podremos ponernos en contacto contigo en relaci\u00f3n con otras vacantes.   <\/p>\n<p class=\"p2\"><b>\u00bfA qui\u00e9n se transmitir\u00e1n tus datos o qui\u00e9n participa en el tratamiento de mis datos?<\/b><b><\/b><\/p>\n<p class=\"p2\">S\u00f3lo transmitimos tus datos dentro de M.A.i GmbH &amp; Co. KG a las personas responsables de tu solicitud. <\/p>\n<p class=\"p2\"><b>\u00bfSe transferir\u00e1n tus datos a un tercer pa\u00eds o a una organizaci\u00f3n internacional?<\/b><b><\/b><\/p>\n<p class=\"p2\">Los datos no se transferir\u00e1n a un tercer pa\u00eds ni a una organizaci\u00f3n internacional.<\/p>\n<p class=\"p2\"><b>\u00bfCu\u00e1nto tiempo se almacenar\u00e1n tus datos?<\/b><b><\/b><\/p>\n<p class=\"p2\">Tus datos personales se eliminar\u00e1n en cuanto dejen de ser necesarios para el proceso de solicitud. Esto no se aplica si la normativa legal impide la eliminaci\u00f3n o si es necesario seguir almacen\u00e1ndolos con fines probatorios. Por ejemplo, los datos personales pueden almacenarse con fines probatorios durante el periodo en que exista la posibilidad de que se presenten reclamaciones contra nuestra empresa (por ejemplo, la Ley de Igualdad de Trato). Si has dado tu consentimiento para que tu solicitud se incluya en nuestro grupo de solicitantes, tu solicitud se almacenar\u00e1 durante un m\u00e1ximo de 36 meses, transcurridos los cuales borraremos tus datos. Tambi\u00e9n puedes ponerte en contacto con nuestro responsable de protecci\u00f3n de datos en cualquier momento antes de que finalicen esos 36 meses, utilizando los datos de contacto que figuran a continuaci\u00f3n, y solicitar la eliminaci\u00f3n de tus datos del grupo de solicitantes. Los datos se eliminar\u00e1n inmediatamente.     <\/p>\n<p class=\"p2\">Si tu solicitud va seguida de la celebraci\u00f3n de un contrato, tus datos seguir\u00e1n almacen\u00e1ndose y utiliz\u00e1ndose a efectos del proceso organizativo y administrativo habitual y de la ejecuci\u00f3n de la relaci\u00f3n laboral de conformidad con la normativa legal pertinente.<\/p>\n<p class=\"p2\"><b>Seguridad de los datos<\/b><b><\/b><\/p>\n<p class=\"p2\">Utilizamos medidas t\u00e9cnicas y organizativas actualizadas para proteger nuestro sitio web y otros sistemas contra la p\u00e9rdida, destrucci\u00f3n, acceso, modificaci\u00f3n o difusi\u00f3n de tus datos por personas no autorizadas. Cuando transmitimos datos personales, utilizamos tecnolog\u00eda de encriptaci\u00f3n para garantizar la m\u00e1xima confidencialidad. si nuestra empresa procesa tus datos personales, tienes derecho a lo siguiente en la medida en que lo permita la ley <\/p>\n<ul>\n<li class=\"p2\">Informaci\u00f3n, en particular sobre los datos almacenados por el responsable del tratamiento y los fines para los que se tratan (Art. 15 GDPR),<\/li>\n<li class=\"p2\">Correcci\u00f3n de datos incorrectos o cumplimentaci\u00f3n de datos incompletos (Art. 16 GDPR),<\/li>\n<li class=\"p2\">Supresi\u00f3n de los datos que hayan sido tratados ilegalmente o que ya no sean necesarios (Art. 17 GDPR),<\/li>\n<li class=\"p2\">Restricci\u00f3n del tratamiento (Art. 18 GDPR),<\/li>\n<li class=\"p2\">Oponerse al tratamiento, en particular si se hace para proteger los intereses leg\u00edtimos del responsable del tratamiento (art. 21 del RGPD) y<\/li>\n<li class=\"p2\">Transferencia de datos, siempre que el tratamiento se base en el consentimiento o se lleve a cabo para la ejecuci\u00f3n de un contrato o por medios automatizados (Art. 20 GDPR).<\/li>\n<\/ul>\n<p class=\"p2\">En la medida en que el tratamiento se base en tu consentimiento (Art. 6 p\u00e1rr. 1 lit. a o Art. 9 p\u00e1rr. 2 lit. a GDPR), tienes derecho a revocar tu consentimiento en cualquier momento. Esto no afecta a la legalidad del tratamiento realizado sobre la base del consentimiento hasta su revocaci\u00f3n. <\/p>\n<p class=\"p2\">Tambi\u00e9n tienes la opci\u00f3n de presentar reclamaciones a nuestro responsable de protecci\u00f3n de datos a trav\u00e9s de <a href=\"mailto:datenschutz@m-a-i.de\">datenschutz@m-a-i.de<\/a>.<\/p>\n<p class=\"p1\"><span class=\"s1\"><b>\u00a7 <\/b><\/span><b>5 Derechos del interesado<\/b><b><\/b><\/p>\n<p class=\"p2\">Si se procesan tus datos personales, eres un interesado en el sentido del RGPD y tienes los siguientes derechos frente al responsable del tratamiento:<\/p>\n<p class=\"p2\"><b>Derecho a la informaci\u00f3n<\/b><b><\/b><\/p>\n<p class=\"p2\">Puedes solicitar confirmaci\u00f3n al responsable del tratamiento sobre si estamos tratando datos personales que te conciernen.<\/p>\n<p class=\"p2\">Si se ha producido dicho tratamiento, puedes solicitar la siguiente informaci\u00f3n al responsable del tratamiento:<\/p>\n<p class=\"p2\">(1) los fines para los que se tratan los datos personales;<\/p>\n<p class=\"p2\">(2) las categor\u00edas de datos personales que se tratan;<\/p>\n<p class=\"p2\">(3) los destinatarios o categor\u00edas de destinatarios a los que se han comunicado o se comunicar\u00e1n los datos personales que te conciernen;<\/p>\n<p class=\"p2\">(4) la duraci\u00f3n prevista del almacenamiento de los datos personales que te conciernen o, si no es posible facilitar informaci\u00f3n espec\u00edfica al respecto, los criterios para determinar el per\u00edodo de almacenamiento;<\/p>\n<p class=\"p2\">(5) la existencia de un derecho de rectificaci\u00f3n o supresi\u00f3n de los datos personales que te conciernen, un derecho de limitaci\u00f3n del tratamiento por parte del responsable del tratamiento o un derecho de oposici\u00f3n a dicho tratamiento;<\/p>\n<p class=\"p2\">(6) la existencia de un derecho de recurso ante una autoridad de control;<\/p>\n<p class=\"p2\">(7) toda la informaci\u00f3n disponible sobre el origen de los datos si los datos personales no se recogen del interesado;<\/p>\n<p class=\"p2\">(8) la existencia de una toma de decisiones automatizada, incluida la elaboraci\u00f3n de perfiles, de conformidad con el Art. 22 (1) y (4) del GDPR y -al menos en estos casos- informaci\u00f3n significativa sobre la l\u00f3gica implicada y el alcance y los efectos previstos de dicho tratamiento para el interesado. <\/p>\n<p class=\"p2\">Tienes derecho a solicitar informaci\u00f3n sobre si los datos personales que te conciernen se transfieren a un tercer pa\u00eds o a una organizaci\u00f3n internacional. En este contexto, puedes solicitar que se te informe de las garant\u00edas adecuadas de conformidad con el Art. 46 del GDPR en relaci\u00f3n con la transferencia.  <\/p>\n<p class=\"p2\"><strong>Derecho de rectificaci\u00f3n<\/strong><\/p>\n<p class=\"p2\">Tienes derecho a rectificar y\/o completar ante el responsable del tratamiento si los datos personales procesados que te conciernen son incorrectos o incompletos. El responsable del tratamiento debe realizar la rectificaci\u00f3n sin demora. <\/p>\n<p class=\"p2\">Derecho a la limitaci\u00f3n del tratamiento<\/p>\n<p class=\"p2\">En las siguientes condiciones, puedes solicitar la restricci\u00f3n del tratamiento de tus datos personales:<\/p>\n<p class=\"p2\">(1) si impugnas la exactitud de los datos personales que te conciernen durante un periodo que permita al responsable del tratamiento verificar la exactitud de los datos personales;<\/p>\n<p class=\"p2\">(2) el tratamiento es il\u00edcito y te opones a la supresi\u00f3n de los datos personales y solicitas en su lugar la limitaci\u00f3n de su uso;<\/p>\n<p class=\"p2\">(3) el responsable del tratamiento ya no necesita los datos personales para los fines del tratamiento, pero t\u00fa los necesitas para el reconocimiento, el ejercicio o la defensa de un derecho en un procedimiento judicial, o<\/p>\n<p class=\"p2\">(4) si te has opuesto al tratamiento de conformidad con el Art. 21 (1) GDPR y a\u00fan no se ha establecido si las razones leg\u00edtimas del responsable del tratamiento prevalecen sobre tus razones. <\/p>\n<p class=\"p2\">Si se ha restringido el tratamiento de los datos personales que te conciernen, estos datos -aparte de su almacenamiento- s\u00f3lo podr\u00e1n tratarse con tu consentimiento o para el reconocimiento, ejercicio o defensa de un derecho o para la protecci\u00f3n de los derechos de otra persona f\u00edsica o jur\u00eddica, o por razones de inter\u00e9s p\u00fablico importante de la Uni\u00f3n o de un Estado miembro.<\/p>\n<p class=\"p2\">Si la restricci\u00f3n del tratamiento se ha restringido de acuerdo con las condiciones anteriores, el responsable del tratamiento te informar\u00e1 antes de que se levante la restricci\u00f3n.<\/p>\n<p class=\"p2\"><b>Derecho de cancelaci\u00f3n<\/b><b><\/b><\/p>\n<p class=\"p2\"><b>a) Obligaci\u00f3n de cancelaci\u00f3n<\/b><\/p>\n<p class=\"p2\">Sie k\u00f6nnen von dem Verantwortlichen verlangen, dass die Sie betreffenden personenbezogenen Daten unverz\u00fcglich gel\u00f6scht werden, und der Verantwortliche ist verpflichtet, diese Daten unverz\u00fcglich zu l\u00f6schen, sofern einer der folgenden Gr\u00fcnde zutrifft:<\/p>\n<p class=\"p2\">(1) Los datos personales que te conciernen ya no son necesarios para los fines para los que fueron recogidos o tratados de otro modo.<\/p>\n<p class=\"p2\">(2) Revocas el consentimiento en el que se bas\u00f3 el tratamiento de conformidad con el Art. 6 p\u00e1rr. 1 lit. a o el Art. 9 p\u00e1rr. 2 lit. a GDPR y no existe ning\u00fan otro fundamento jur\u00eddico para el tratamiento.     <\/p>\n<p class=\"p2\">(3) Te opones al tratamiento de conformidad con el Art. 21 (1) GDPR y no existen motivos leg\u00edtimos imperiosos para el tratamiento, o te opones al tratamiento de conformidad con el Art. 21 (2) GDPR.    <\/p>\n<p class=\"p2\">(4) Los datos personales que te conciernen han sido tratados ilegalmente.<\/p>\n<p class=\"p2\">(5) La supresi\u00f3n de los datos personales que te conciernen es necesaria para cumplir una obligaci\u00f3n legal en virtud del Derecho de la Uni\u00f3n o del Derecho de los Estados miembros a los que est\u00e1 sujeto el responsable del tratamiento.<\/p>\n<p class=\"p2\">(6) Los datos personales que te conciernen se recogieron en relaci\u00f3n con los servicios de la sociedad de la informaci\u00f3n ofrecidos de acuerdo con el Art. 8 p\u00e1rrafo 1 GDPR. <\/p>\n<p class=\"p2\"><b>b) Informaci\u00f3n a terceros<\/b><b><\/b><\/p>\n<p class=\"p2\">Si el responsable del tratamiento ha hecho p\u00fablicos los datos personales que te conciernen y est\u00e1 obligado a borrarlos de conformidad con el Art. 17 (1) GDPR, tomar\u00e1 las medidas apropiadas, incluidas medidas t\u00e9cnicas, teniendo en cuenta la tecnolog\u00eda disponible y los costes de implementaci\u00f3n, para informar a los responsables del tratamiento que procesan los datos personales de que t\u00fa, como interesado, has solicitado la eliminaci\u00f3n de todos los enlaces a estos datos personales o de copias o r\u00e9plicas de estos datos personales.  <\/p>\n<p class=\"p2\"><strong>c) Excepciones<\/strong><\/p>\n<p class=\"p2\">El derecho de supresi\u00f3n no existe si el tratamiento es necesario<\/p>\n<p class=\"p2\">(1) ejercer el derecho a la libertad de expresi\u00f3n e informaci\u00f3n;<\/p>\n<p class=\"p2\">(2) para el cumplimiento de una obligaci\u00f3n jur\u00eddica que exija un tratamiento en virtud del Derecho de la Uni\u00f3n o de los Estados miembros al que est\u00e9 sujeto el responsable del tratamiento, o para el cumplimiento de una misi\u00f3n realizada en inter\u00e9s p\u00fablico o en el ejercicio de poderes p\u00fablicos conferidos al responsable del tratamiento;<\/p>\n<p class=\"p2\">(3) por razones de inter\u00e9s p\u00fablico en el \u00e1mbito de la salud p\u00fablica, de conformidad con el Art. 9 p\u00e1rr. 2 lit. h e i y el Art. 9 p\u00e1rr. 3 GDPR;   <\/p>\n<p class=\"p2\">(4) para fines de archivo en inter\u00e9s p\u00fablico, fines de investigaci\u00f3n cient\u00edfica o hist\u00f3rica o fines estad\u00edsticos de conformidad con el art. 89, apdo. 1 del RGPD, en la medida en que el derecho mencionado en el apartado a) pueda hacer imposible o perjudicar gravemente la consecuci\u00f3n de los objetivos de dicho tratamiento, o bien  <\/p>\n<p class=\"p2\">(5) para la afirmaci\u00f3n, el ejercicio o la defensa de reclamaciones legales.<\/p>\n<p class=\"p2\"><b>Derecho a la informaci\u00f3n<\/b><b><\/b><\/p>\n<p class=\"p2\">Si has hecho valer el derecho de rectificaci\u00f3n, supresi\u00f3n o limitaci\u00f3n del tratamiento frente al responsable del tratamiento, \u00e9ste est\u00e1 obligado a notificar dicha rectificaci\u00f3n o supresi\u00f3n o limitaci\u00f3n del tratamiento a todos los destinatarios a los que se hayan comunicado los datos personales que te conciernen, salvo que resulte imposible o suponga un esfuerzo desproporcionado.<\/p>\n<p class=\"p2\">Tienes derecho a que el responsable del tratamiento te informe sobre estos destinatarios.<\/p>\n<p class=\"p2\"><strong>Derecho a la portabilidad de los datos<\/strong><\/p>\n<p class=\"p2\">Tienes derecho a recibir los datos personales que te conciernan, que hayas facilitado al responsable del tratamiento, en un formato estructurado, de uso com\u00fan y lectura mec\u00e1nica. Tambi\u00e9n tienes derecho a transmitir estos datos a otro responsable del tratamiento sin impedimentos por parte del responsable al que se han facilitado los datos personales, cuando <\/p>\n<p class=\"p2\">(1) el tratamiento se basa en el consentimiento de conformidad con el Art. 6 p\u00e1rr. 1 lit. a GDPR o el Art. 9 p\u00e1rr. 2 lit. a GDPR o en un contrato de conformidad con el Art. 6 p\u00e1rr. 1 lit. b GDPR y        <\/p>\n<p class=\"p2\">(2) el tratamiento se realiza por medios automatizados.<\/p>\n<p class=\"p2\">Al ejercer este derecho, tambi\u00e9n tienes derecho a que los datos personales que te conciernen se transmitan directamente de un responsable del tratamiento a otro, siempre que sea t\u00e9cnicamente posible. Esto no debe afectar a las libertades y derechos de otras personas. <\/p>\n<p class=\"p2\">El derecho a la portabilidad de los datos no se aplica al tratamiento de datos personales necesario para el cumplimiento de una misi\u00f3n realizada en inter\u00e9s p\u00fablico o en el ejercicio de poderes p\u00fablicos conferidos al responsable del tratamiento.<\/p>\n<p class=\"p2\"><b>Derecho de oposici\u00f3n<\/b><b><\/b><\/p>\n<p class=\"p2\">Tienes derecho a oponerte en cualquier momento, por motivos relacionados con tu situaci\u00f3n particular, al tratamiento de los datos personales que te conciernen basado en las letras e) o f) del art\u00edculo 6, apartado 1, del RGPD, incluida la elaboraci\u00f3n de perfiles basada en dichas disposiciones.  <\/p>\n<p class=\"p2\">El responsable del tratamiento dejar\u00e1 de tratar los datos personales que te conciernan, a menos que demuestre motivos leg\u00edtimos imperiosos para el tratamiento que prevalezcan sobre tus intereses, derechos y libertades, o para el reconocimiento, ejercicio o defensa de reclamaciones judiciales.<\/p>\n<p class=\"p2\">Si tus datos personales se procesan con fines de marketing directo, tienes derecho a oponerte en cualquier momento al procesamiento de tus datos personales para dicho marketing, lo que incluye la elaboraci\u00f3n de perfiles en la medida en que est\u00e9 relacionada con dicho marketing directo.<\/p>\n<p class=\"p2\">Widersprechen Sie der Verarbeitung f\u00fcr Zwecke der Direktwerbung, so werden die Sie betreffenden personenbezogenen Daten nicht mehr f\u00fcr diese Zwecke verarbeitet.<\/p>\n<p class=\"p2\">No obstante lo dispuesto en la Directiva 2002\/58\/CE, tienes la posibilidad de ejercer tu derecho de oposici\u00f3n en relaci\u00f3n con el uso de servicios de la sociedad de la informaci\u00f3n mediante procedimientos automatizados que utilizan especificaciones t\u00e9cnicas.<\/p>\n<p class=\"p2\"><b>Derecho a revocar la declaraci\u00f3n de consentimiento conforme a la ley de protecci\u00f3n de datos<\/b><\/p>\n<p class=\"p2\">Sie haben das Recht, Ihre datenschutzrechtliche Einwilligungserkl\u00e4rung jederzeit zu widerrufen. Durch den Widerruf der Einwilligung wird die Rechtm\u00e4\u00dfigkeit der aufgrund der Einwilligung bis zum Widerruf erfolgten Verarbeitung nicht ber\u00fchrt. <\/p>\n<p class=\"p2\">Automatisierte Entscheidung im Einzelfall einschlie\u00dflich Profiling<\/p>\n<p class=\"p2\">Tienes derecho a no ser objeto de una decisi\u00f3n basada \u00fanicamente en el tratamiento automatizado, incluida la elaboraci\u00f3n de perfiles, que produzca efectos jur\u00eddicos sobre ti o te afecte de forma similar de manera significativa. Esto no se aplica si la decisi\u00f3n <\/p>\n<p class=\"p2\">(1) es necesario para la celebraci\u00f3n o el cumplimiento de un contrato entre t\u00fa y el responsable del tratamiento,<\/p>\n<p class=\"p2\">(2) est\u00e9 autorizada por el Derecho de la Uni\u00f3n o de los Estados miembros al que est\u00e9 sujeto el responsable del tratamiento y que tambi\u00e9n establezca medidas adecuadas para salvaguardar tus derechos y libertades e intereses leg\u00edtimos; o bien<\/p>\n<p class=\"p2\">(3) con tu consentimiento expreso.<\/p>\n<p class=\"p2\">Sin embargo, estas decisiones no pueden basarse en categor\u00edas especiales de datos personales de acuerdo con el Art. 9 p\u00e1rrafo 1 GDPR, a menos que se aplique el Art. 9 p\u00e1rrafo 2 lit. a o g y se hayan tomado las medidas apropiadas para proteger los derechos y libertades, as\u00ed como tus intereses leg\u00edtimos.   <\/p>\n<p class=\"p2\">Hinsichtlich der in (1) und (3) genannten F\u00e4lle trifft der Verantwortliche angemessene Ma\u00dfnahmen, um die Rechte und Freiheiten sowie Ihre berechtigten Interessen zu wahren, wozu mindestens das Recht auf Erwirkung des Eingreifens einer Person seitens des Verantwortlichen, auf Darlegung des eigenen Standpunkts und auf Anfechtung der Entscheidung geh\u00f6rt.<\/p>\n<p class=\"p2\"><b>Derecho a presentar una reclamaci\u00f3n ante una autoridad de control<\/b><\/p>\n<p class=\"p2\">Sin perjuicio de cualquier otro recurso administrativo o judicial, tienes derecho a presentar una reclamaci\u00f3n ante una autoridad de control, en particular en el Estado miembro de tu residencia habitual, lugar de trabajo o lugar de la presunta infracci\u00f3n, si consideras que el tratamiento de los datos personales que te conciernen infringe el GDPR.<\/p>\n<p class=\"p2\">La autoridad de control ante la que se haya presentado la reclamaci\u00f3n informar\u00e1 al reclamante de la situaci\u00f3n y el resultado de la reclamaci\u00f3n, incluida la posibilidad de un recurso judicial de conformidad con el art. 78 del RGPD.<\/p>\n<p class=\"p2\"><b>Responsable del tratamiento de datos:<\/b><b><\/b><\/p>\n<p class=\"p2\">M.A.i GmbH &amp; Co. KG<br \/>Hummendorfer Stra\u00dfe 74<br \/>96317 Kronach<br \/>Tel\u00e9fono: +49 9261 91000 0<br \/><a href=\"mailto:datenschutz@m-a-i.de\">datenschutz@m-a-i.de<\/a><\/p>\n<h4 style=\"--fontsize: 48; line-height: 1.24;\"> <\/h4>\n<\/div><\/div><\/div><\/div><\/div><\/p>\n","protected":false},"excerpt":{"rendered":"","protected":false},"author":2,"featured_media":0,"parent":0,"menu_order":0,"comment_status":"closed","ping_status":"closed","template":"","meta":{"footnotes":""},"class_list":["post-14434","page","type-page","status-publish","hentry"],"yoast_head":"<!-- This site is optimized with the Yoast SEO Premium plugin v27.4 (Yoast SEO v27.5) - https:\/\/yoast.com\/product\/yoast-seo-premium-wordpress\/ -->\n<title>Protecci\u00f3n de datos - M.A.i \u2013 innovative automation<\/title>\n<meta name=\"robots\" content=\"index, follow, max-snippet:-1, max-image-preview:large, max-video-preview:-1\" \/>\n<link rel=\"canonical\" href=\"https:\/\/www.m-a-i.de\/es\/proteccion-de-datos\/\" \/>\n<meta property=\"og:locale\" content=\"en_US\" \/>\n<meta property=\"og:type\" content=\"article\" \/>\n<meta property=\"og:title\" content=\"Protecci\u00f3n de datos\" \/>\n<meta property=\"og:url\" content=\"https:\/\/www.m-a-i.de\/es\/proteccion-de-datos\/\" \/>\n<meta property=\"og:site_name\" content=\"M.A.i \u2013 innovative automation\" \/>\n<meta property=\"article:publisher\" content=\"https:\/\/www.facebook.com\/M.A.i.Kronach\" \/>\n<meta property=\"article:modified_time\" content=\"2025-06-15T05:39:15+00:00\" \/>\n<meta name=\"twitter:card\" content=\"summary_large_image\" \/>\n<meta name=\"twitter:label1\" content=\"Est. reading time\" \/>\n\t<meta name=\"twitter:data1\" content=\"23 minutes\" \/>\n<script type=\"application\/ld+json\" class=\"yoast-schema-graph\">{\"@context\":\"https:\\\/\\\/schema.org\",\"@graph\":[{\"@type\":\"WebPage\",\"@id\":\"https:\\\/\\\/www.m-a-i.de\\\/es\\\/proteccion-de-datos\\\/\",\"url\":\"https:\\\/\\\/www.m-a-i.de\\\/es\\\/proteccion-de-datos\\\/\",\"name\":\"Protecci\u00f3n de datos - M.A.i \u2013 innovative automation\",\"isPartOf\":{\"@id\":\"https:\\\/\\\/www.m-a-i.de\\\/es\\\/#website\"},\"datePublished\":\"2025-05-01T12:16:28+00:00\",\"dateModified\":\"2025-06-15T05:39:15+00:00\",\"breadcrumb\":{\"@id\":\"https:\\\/\\\/www.m-a-i.de\\\/es\\\/proteccion-de-datos\\\/#breadcrumb\"},\"inLanguage\":\"es\",\"potentialAction\":[{\"@type\":\"ReadAction\",\"target\":[\"https:\\\/\\\/www.m-a-i.de\\\/es\\\/proteccion-de-datos\\\/\"]}]},{\"@type\":\"BreadcrumbList\",\"@id\":\"https:\\\/\\\/www.m-a-i.de\\\/es\\\/proteccion-de-datos\\\/#breadcrumb\",\"itemListElement\":[{\"@type\":\"ListItem\",\"position\":1,\"name\":\"Startseite\",\"item\":\"https:\\\/\\\/www.m-a-i.de\\\/es\\\/\"},{\"@type\":\"ListItem\",\"position\":2,\"name\":\"Protecci\u00f3n de datos\"}]},{\"@type\":\"WebSite\",\"@id\":\"https:\\\/\\\/www.m-a-i.de\\\/es\\\/#website\",\"url\":\"https:\\\/\\\/www.m-a-i.de\\\/es\\\/\",\"name\":\"M.A.i \u2013 innovative automation\",\"description\":\"\",\"publisher\":{\"@id\":\"https:\\\/\\\/www.m-a-i.de\\\/es\\\/#organization\"},\"potentialAction\":[{\"@type\":\"SearchAction\",\"target\":{\"@type\":\"EntryPoint\",\"urlTemplate\":\"https:\\\/\\\/www.m-a-i.de\\\/es\\\/?s={search_term_string}\"},\"query-input\":{\"@type\":\"PropertyValueSpecification\",\"valueRequired\":true,\"valueName\":\"search_term_string\"}}],\"inLanguage\":\"es\"},{\"@type\":\"Organization\",\"@id\":\"https:\\\/\\\/www.m-a-i.de\\\/es\\\/#organization\",\"name\":\"M.A.i \u2013 innovative automation\",\"url\":\"https:\\\/\\\/www.m-a-i.de\\\/es\\\/\",\"logo\":{\"@type\":\"ImageObject\",\"inLanguage\":\"es\",\"@id\":\"https:\\\/\\\/www.m-a-i.de\\\/es\\\/#\\\/schema\\\/logo\\\/image\\\/\",\"url\":\"https:\\\/\\\/www.m-a-i.de\\\/wp-content\\\/uploads\\\/2024\\\/12\\\/MAi_Logo_RGB_2025.png\",\"contentUrl\":\"https:\\\/\\\/www.m-a-i.de\\\/wp-content\\\/uploads\\\/2024\\\/12\\\/MAi_Logo_RGB_2025.png\",\"width\":484,\"height\":225,\"caption\":\"M.A.i \u2013 innovative automation\"},\"image\":{\"@id\":\"https:\\\/\\\/www.m-a-i.de\\\/es\\\/#\\\/schema\\\/logo\\\/image\\\/\"},\"sameAs\":[\"https:\\\/\\\/www.facebook.com\\\/M.A.i.Kronach\",\"https:\\\/\\\/www.instagram.com\\\/mai_kronach\",\"https:\\\/\\\/www.youtube.com\\\/@MaiDeKronach\",\"https:\\\/\\\/www.linkedin.com\\\/company\\\/m.a.igmbh&co.kg\"]}]}<\/script>\n<!-- \/ Yoast SEO Premium plugin. -->","yoast_head_json":{"title":"Protecci\u00f3n de datos - M.A.i \u2013 innovative automation","robots":{"index":"index","follow":"follow","max-snippet":"max-snippet:-1","max-image-preview":"max-image-preview:large","max-video-preview":"max-video-preview:-1"},"canonical":"https:\/\/www.m-a-i.de\/es\/proteccion-de-datos\/","og_locale":"en_US","og_type":"article","og_title":"Protecci\u00f3n de datos","og_url":"https:\/\/www.m-a-i.de\/es\/proteccion-de-datos\/","og_site_name":"M.A.i \u2013 innovative automation","article_publisher":"https:\/\/www.facebook.com\/M.A.i.Kronach","article_modified_time":"2025-06-15T05:39:15+00:00","twitter_card":"summary_large_image","twitter_misc":{"Est. reading time":"23 minutes"},"schema":{"@context":"https:\/\/schema.org","@graph":[{"@type":"WebPage","@id":"https:\/\/www.m-a-i.de\/es\/proteccion-de-datos\/","url":"https:\/\/www.m-a-i.de\/es\/proteccion-de-datos\/","name":"Protecci\u00f3n de datos - M.A.i \u2013 innovative automation","isPartOf":{"@id":"https:\/\/www.m-a-i.de\/es\/#website"},"datePublished":"2025-05-01T12:16:28+00:00","dateModified":"2025-06-15T05:39:15+00:00","breadcrumb":{"@id":"https:\/\/www.m-a-i.de\/es\/proteccion-de-datos\/#breadcrumb"},"inLanguage":"es","potentialAction":[{"@type":"ReadAction","target":["https:\/\/www.m-a-i.de\/es\/proteccion-de-datos\/"]}]},{"@type":"BreadcrumbList","@id":"https:\/\/www.m-a-i.de\/es\/proteccion-de-datos\/#breadcrumb","itemListElement":[{"@type":"ListItem","position":1,"name":"Startseite","item":"https:\/\/www.m-a-i.de\/es\/"},{"@type":"ListItem","position":2,"name":"Protecci\u00f3n de datos"}]},{"@type":"WebSite","@id":"https:\/\/www.m-a-i.de\/es\/#website","url":"https:\/\/www.m-a-i.de\/es\/","name":"M.A.i \u2013 innovative automation","description":"","publisher":{"@id":"https:\/\/www.m-a-i.de\/es\/#organization"},"potentialAction":[{"@type":"SearchAction","target":{"@type":"EntryPoint","urlTemplate":"https:\/\/www.m-a-i.de\/es\/?s={search_term_string}"},"query-input":{"@type":"PropertyValueSpecification","valueRequired":true,"valueName":"search_term_string"}}],"inLanguage":"es"},{"@type":"Organization","@id":"https:\/\/www.m-a-i.de\/es\/#organization","name":"M.A.i \u2013 innovative automation","url":"https:\/\/www.m-a-i.de\/es\/","logo":{"@type":"ImageObject","inLanguage":"es","@id":"https:\/\/www.m-a-i.de\/es\/#\/schema\/logo\/image\/","url":"https:\/\/www.m-a-i.de\/wp-content\/uploads\/2024\/12\/MAi_Logo_RGB_2025.png","contentUrl":"https:\/\/www.m-a-i.de\/wp-content\/uploads\/2024\/12\/MAi_Logo_RGB_2025.png","width":484,"height":225,"caption":"M.A.i \u2013 innovative automation"},"image":{"@id":"https:\/\/www.m-a-i.de\/es\/#\/schema\/logo\/image\/"},"sameAs":["https:\/\/www.facebook.com\/M.A.i.Kronach","https:\/\/www.instagram.com\/mai_kronach","https:\/\/www.youtube.com\/@MaiDeKronach","https:\/\/www.linkedin.com\/company\/m.a.igmbh&co.kg"]}]}},"jetpack_sharing_enabled":true,"_links":{"self":[{"href":"https:\/\/www.m-a-i.de\/es\/wp-json\/wp\/v2\/pages\/14434","targetHints":{"allow":["GET"]}}],"collection":[{"href":"https:\/\/www.m-a-i.de\/es\/wp-json\/wp\/v2\/pages"}],"about":[{"href":"https:\/\/www.m-a-i.de\/es\/wp-json\/wp\/v2\/types\/page"}],"author":[{"embeddable":true,"href":"https:\/\/www.m-a-i.de\/es\/wp-json\/wp\/v2\/users\/2"}],"replies":[{"embeddable":true,"href":"https:\/\/www.m-a-i.de\/es\/wp-json\/wp\/v2\/comments?post=14434"}],"version-history":[{"count":2,"href":"https:\/\/www.m-a-i.de\/es\/wp-json\/wp\/v2\/pages\/14434\/revisions"}],"predecessor-version":[{"id":14436,"href":"https:\/\/www.m-a-i.de\/es\/wp-json\/wp\/v2\/pages\/14434\/revisions\/14436"}],"wp:attachment":[{"href":"https:\/\/www.m-a-i.de\/es\/wp-json\/wp\/v2\/media?parent=14434"}],"curies":[{"name":"wp","href":"https:\/\/api.w.org\/{rel}","templated":true}]}}